{"id":47809,"date":"2026-04-08T09:00:19","date_gmt":"2026-04-08T07:00:19","guid":{"rendered":"https:\/\/servicioptai.umh.es\/?page_id=47809"},"modified":"2026-04-28T12:13:18","modified_gmt":"2026-04-28T10:13:18","slug":"oposicion-y-concurso-oposicion","status":"publish","type":"page","link":"https:\/\/servicioptai.umh.es\/ca\/convocatorias\/concurso-oposicion\/oposicion-y-concurso-oposicion\/","title":{"rendered":"Concurs-Oposici\u00f3, escala t\u00e8cnica b\u00e0sica de laboratoris, perfil bioqu\u00edmic, biol\u00f2gic i biosanitari, refer\u00e8ncia 26\/14079"},"content":{"rendered":"<p><\/p>\n<h3 style=\"text-align: justify\"><strong><span dir=\"auto\" style=\"vertical-align: inherit\"><span dir=\"auto\" style=\"vertical-align: inherit\">Bases de la Convocat\u00f2ria<\/span><\/span><\/strong><\/h3>\n<p style=\"text-align: justify\"><span dir=\"auto\" style=\"vertical-align: inherit\"><span dir=\"auto\" style=\"vertical-align: inherit\">RESOLUCI\u00d3 de la Universitat Miguel Hern\u00e1ndez d&#8217;Elx, per la qual es convoquen proves selectives d&#8217;acc\u00e9s al grup C, subgrup C1, sector administraci\u00f3 especial, escala t\u00e8cnica b\u00e0sica de laboratoris, amb denominaci\u00f3 especialista t\u00e8cnic o t\u00e8cnica de laboratori, perfil bioqu\u00edmic, biol\u00f2gic i biosanitari, mitjan\u00e7ant el sistema d&#8217;oposici\u00f3 i concurs oposici\u00f3, refer\u00e8ncia 26\/14079.<\/span><\/span><\/p>\n<p><a href=\"https:\/\/dogv.gva.es\/es\/resultat-dogv?signatura=2026\/9242\" target=\"_blank\" rel=\"noopener\"><span dir=\"auto\" style=\"vertical-align: inherit\"><span dir=\"auto\" style=\"vertical-align: inherit\">Publicaci\u00f3 de les bases al Diari Oficial de la Generalitat Valenciana<\/span><\/span><\/a><span dir=\"auto\" style=\"vertical-align: inherit\"><span dir=\"auto\" style=\"vertical-align: inherit\"> . <\/span><\/span><img loading=\"lazy\" class=\"alignnone wp-image-31436 size-full\" src=\"https:\/\/serviciopas.umh.es\/files\/2021\/06\/abre-en-nueva-ventana.png\" alt=\"(obriu en nova finestra)\" width=\"15\" height=\"15\" \/><span dir=\"auto\" style=\"vertical-align: inherit\"><span dir=\"auto\" style=\"vertical-align: inherit\">Amb data 8 d&#8217;abril de 2026.<\/span><\/span><\/p>\n<p><a href=\"https:\/\/www.boe.es\/boe\/dias\/2026\/04\/25\/pdfs\/BOE-A-2026-9064.pdf\" target=\"_blank\" rel=\"noopener\"><span dir=\"auto\" style=\"vertical-align: inherit\"><span dir=\"auto\" style=\"vertical-align: inherit\">Publicaci\u00f3 extracte convocat\u00f2ria a Butllet\u00ed Oficial de l&#8217;Estat (PDF)<\/span><\/span><\/a><span dir=\"auto\" style=\"vertical-align: inherit\"><span dir=\"auto\" style=\"vertical-align: inherit\"> . <\/span><\/span><img loading=\"lazy\" class=\"alignnone wp-image-31436 size-full\" src=\"https:\/\/serviciopas.umh.es\/files\/2021\/06\/abre-en-nueva-ventana.png\" alt=\"(obriu en nova finestra)\" width=\"15\" height=\"15\" \/><span dir=\"auto\" style=\"vertical-align: inherit\"><span dir=\"auto\" style=\"vertical-align: inherit\">Amb data 25 d&#8217;abril de 2026.<\/span><\/span><\/p>\n<p><b><span dir=\"auto\" style=\"vertical-align: inherit\"><span dir=\"auto\" style=\"vertical-align: inherit\">Termini de presentaci\u00f3 de sol\u00b7licituds: del 27 d&#8217;abril a l&#8217;11 de maig del 2026. Tots dos inclusivament.<\/span><\/span><\/b><\/p>\n<p><span dir=\"auto\" style=\"vertical-align: inherit\"><span dir=\"auto\" style=\"vertical-align: inherit\">Inscripci\u00f3 a trav\u00e9s de l&#8217;aplicaci\u00f3:<\/span><\/span><\/p>\n<p><a href=\"https:\/\/universite.umh.es\/espacio-opositor\" target=\"_blank\" rel=\"noopener\"><span dir=\"auto\" style=\"vertical-align: inherit\"><span dir=\"auto\" style=\"vertical-align: inherit\">https:\/\/universite.umh.es\/espai-opositor<\/span><\/span><\/a><\/p>\n<p><span dir=\"auto\" style=\"vertical-align: inherit\"><span dir=\"auto\" style=\"vertical-align: inherit\">O per la SEU Electr\u00f2nica triant l&#8217;opci\u00f3 <\/span><\/span><a href=\"https:\/\/sede.umh.es\/procedimientos\/seleccion-pas-funcionario-de-carrera\/\" target=\"_blank\" rel=\"noopener\"><span dir=\"auto\" style=\"vertical-align: inherit\"><span dir=\"auto\" style=\"vertical-align: inherit\">\u00abSELECCI\u00d3 PTGAS-Funcionari de carrera\u00bb<\/span><\/span><\/a><\/p>\n<p><span dir=\"auto\" style=\"vertical-align: inherit\"><span dir=\"auto\" style=\"vertical-align: inherit\"><iframe  style=\"display: block; margin: 0px auto;\"  id=\"_ytid_30363\"  width=\"480\" height=\"270\"  data-origwidth=\"480\" data-origheight=\"270\" src=\"https:\/\/www.youtube.com\/embed\/q7CmGju0mAo?enablejsapi=1&autoplay=0&cc_load_policy=0&cc_lang_pref=&iv_load_policy=1&loop=0&modestbranding=0&rel=1&fs=1&playsinline=0&autohide=2&theme=dark&color=red&controls=1&\" class=\"__youtube_prefs__  no-lazyload\" title=\"YouTube player\"  allow=\"accelerometer; autoplay; clipboard-write; encrypted-media; gyroscope; picture-in-picture\" allowfullscreen data-no-lazy=\"1\" data-skipgform_ajax_framebjll=\"\"><\/iframe><\/span><\/span><\/p>\n<p>&nbsp;<\/p>\n<h3><span dir=\"auto\" style=\"vertical-align: inherit\"><span dir=\"auto\" style=\"vertical-align: inherit\">V\u00eddeos d&#8217;ajuda <\/span><\/span><a href=\"https:\/\/www.youtube.com\/playlist?list=PLClKgnzRFYe5Stid-cTO6hcpZ7ncYblOV\"><span dir=\"auto\" style=\"vertical-align: inherit\"><span dir=\"auto\" style=\"vertical-align: inherit\">Espai de l&#8217;opositor<\/span><\/span><\/a><\/h3>\n<h3><strong><span dir=\"auto\" style=\"vertical-align: inherit\"><span dir=\"auto\" style=\"vertical-align: inherit\">Incid\u00e8ncies i dubtes:<\/span><\/span><\/strong><\/h3>\n<p><span dir=\"auto\" style=\"vertical-align: inherit\"><span dir=\"auto\" style=\"vertical-align: inherit\">Servei de Personal T\u00e8cnic, de Gesti\u00f3 i d&#8217;Administraci\u00f3 i Serveis i Personal Investigador (PTGAS i PI) <\/span><\/span><br \/>\n<span dir=\"auto\" style=\"vertical-align: inherit\"><span dir=\"auto\" style=\"vertical-align: inherit\">Tel\u00e8fons: 965222296 \u2013 966658772<\/span><\/span><\/p>\n<ul>\n<li><span dir=\"auto\" style=\"vertical-align: inherit\"><span dir=\"auto\" style=\"vertical-align: inherit\">Per sol\u00b7licitar ajut\/suport durant la presentaci\u00f3 de la sol\u00b7licitud podeu adre\u00e7ar-vos a:Suport de la Seu electr\u00f2nica:<\/span><\/span>\n<ul>\n<li><span dir=\"auto\" style=\"vertical-align: inherit\"><span dir=\"auto\" style=\"vertical-align: inherit\">Tel\u00e8fon:965 222 640<\/span><\/span><\/li>\n<li><a href=\"mailto:E-mail%3Asede@umh.es\"><span dir=\"auto\" style=\"vertical-align: inherit\"><span dir=\"auto\" style=\"vertical-align: inherit\">E-mail:seu@umh.es<\/span><\/span><\/a><\/li>\n<\/ul>\n<\/li>\n<\/ul>\n<p><\/p>","protected":false},"excerpt":{"rendered":"<p>Bases de la Convocat\u00f2ria<br \/>\nRESOLUCI\u00d3 de la Universitat Miguel Hern\u00e1ndez d&#8217;Elx, per la qual es convoquen proves selectives d&#8217;acc\u00e9s al grup C, subgrup C1, sector administraci\u00f3 especial, escala t\u00e8cnica b\u00e0sica de laboratoris, amb denominaci\u00f3 especialista t\u00e8cnic o t\u00e8cnica de laboratori, perfil bioqu\u00edmic, biol\u00f2gic i biosanitari, mitjan\u00e7ant el sistema d&#8217;oposici\u00f3 i concurs oposici\u00f3, refer\u00e8ncia 26\/14079.<br \/>\nPublicaci\u00f3 de les [&#8230;]<\/p>\n","protected":false},"author":1714,"featured_media":0,"parent":30518,"menu_order":0,"comment_status":"closed","ping_status":"closed","template":"","meta":{"_links_to":"","_links_to_target":""},"_links":{"self":[{"href":"https:\/\/servicioptai.umh.es\/ca\/wp-json\/wp\/v2\/pages\/47809"}],"collection":[{"href":"https:\/\/servicioptai.umh.es\/ca\/wp-json\/wp\/v2\/pages"}],"about":[{"href":"https:\/\/servicioptai.umh.es\/ca\/wp-json\/wp\/v2\/types\/page"}],"author":[{"embeddable":true,"href":"https:\/\/servicioptai.umh.es\/ca\/wp-json\/wp\/v2\/users\/1714"}],"replies":[{"embeddable":true,"href":"https:\/\/servicioptai.umh.es\/ca\/wp-json\/wp\/v2\/comments?post=47809"}],"version-history":[{"count":0,"href":"https:\/\/servicioptai.umh.es\/ca\/wp-json\/wp\/v2\/pages\/47809\/revisions"}],"up":[{"embeddable":true,"href":"https:\/\/servicioptai.umh.es\/ca\/wp-json\/wp\/v2\/pages\/30518"}],"wp:attachment":[{"href":"https:\/\/servicioptai.umh.es\/ca\/wp-json\/wp\/v2\/media?parent=47809"}],"curies":[{"name":"wp","href":"https:\/\/api.w.org\/{rel}","templated":true}]}}